{"id":1389,"date":"2019-12-16T14:15:21","date_gmt":"2019-12-16T13:15:21","guid":{"rendered":"https:\/\/pflegekinder-nextgeneration.ch\/?page_id=1389"},"modified":"2024-07-22T12:39:30","modified_gmt":"2024-07-22T10:39:30","slug":"politique-de-confidentialite","status":"publish","type":"page","link":"https:\/\/pflegekinder-nextgeneration.ch\/fr\/politique-de-confidentialite\/","title":{"rendered":"Politique De Confidentialit\u00e9"},"content":{"rendered":"\n<style type=\"text\/css\" data-created_by=\"avia_inline_auto\" id=\"style-css-av-82gvg-57f0cc330d6fd883937528cef0ab54ac\">\n.avia-section.av-82gvg-57f0cc330d6fd883937528cef0ab54ac{\nbackground-repeat:no-repeat;\nbackground-image:url(https:\/\/pflegekinder-nextgeneration.ch\/wp-content\/uploads\/2019\/10\/inner-page-title-bg10.jpg);\nbackground-position:50% 50%;\nbackground-attachment:scroll;\n}\n.avia-section.av-82gvg-57f0cc330d6fd883937528cef0ab54ac .av-section-color-overlay{\nopacity:0.1;\nbackground-color:#000000;\n}\n<\/style>\n<div id='av_section_1'  class='avia-section av-82gvg-57f0cc330d6fd883937528cef0ab54ac main_color avia-section-huge avia-no-border-styling  avia-builder-el-0  el_before_av_section  avia-builder-el-first  avia-full-stretch avia-bg-style-scroll av-section-color-overlay-active av-minimum-height av-minimum-height-50 av-height-50  container_wrap sidebar_right'  data-section-bg-repeat='stretch' data-av_minimum_height_pc='50' data-av_min_height_opt='50'><div class=\"av-section-color-overlay-wrap\"><div class=\"av-section-color-overlay\"><\/div><div class='container av-section-cont-open' ><main  role=\"main\" itemprop=\"mainContentOfPage\"  class='template-page content  av-content-small alpha units'><div class='post-entry post-entry-type-page post-entry-1389'><div class='entry-content-wrapper clearfix'>\n<\/div><\/div><\/main><!-- close content main element --><\/div><\/div><\/div>\n<style type=\"text\/css\" data-created_by=\"avia_inline_auto\" id=\"style-css-av-8cewc-f88e9674076a06f8395dd54927b1fc4a\">\n.avia-section.av-8cewc-f88e9674076a06f8395dd54927b1fc4a .av-extra-border-element .av-extra-border-inner{\nbackground-color:#3fb1ad;\n}\n<\/style>\n<div id='av_section_2'  class='avia-section av-8cewc-f88e9674076a06f8395dd54927b1fc4a main_color avia-section-large avia-no-border-styling  avia-builder-el-1  el_after_av_section  el_before_av_section  avia-bg-style-scroll container_wrap sidebar_right'  ><div class='container av-section-cont-open' ><div class='template-page content  av-content-small alpha units'><div class='post-entry post-entry-type-page post-entry-1389'><div class='entry-content-wrapper clearfix'>\n\n<style type=\"text\/css\" data-created_by=\"avia_inline_auto\" id=\"style-css-av-34ngfx-e21d0de7c5762bc65c3583a49ba7d97e\">\n#top .av-special-heading.av-34ngfx-e21d0de7c5762bc65c3583a49ba7d97e{\npadding-bottom:10px;\nfont-size:42px;\n}\nbody .av-special-heading.av-34ngfx-e21d0de7c5762bc65c3583a49ba7d97e .av-special-heading-tag .heading-char{\nfont-size:25px;\n}\n#top #wrap_all .av-special-heading.av-34ngfx-e21d0de7c5762bc65c3583a49ba7d97e .av-special-heading-tag{\nfont-size:42px;\n}\n.av-special-heading.av-34ngfx-e21d0de7c5762bc65c3583a49ba7d97e .av-subheading{\nfont-size:15px;\n}\n\n@media only screen and (min-width: 480px) and (max-width: 767px){ \n#top #wrap_all .av-special-heading.av-34ngfx-e21d0de7c5762bc65c3583a49ba7d97e .av-special-heading-tag{\nfont-size:0.8em;\n}\n}\n\n@media only screen and (max-width: 479px){ \n#top #wrap_all .av-special-heading.av-34ngfx-e21d0de7c5762bc65c3583a49ba7d97e .av-special-heading-tag{\nfont-size:0.8em;\n}\n}\n<\/style>\n<div  class='av-special-heading av-34ngfx-e21d0de7c5762bc65c3583a49ba7d97e av-special-heading-h1 blockquote modern-quote  avia-builder-el-2  el_before_av_hr  avia-builder-el-first  av-inherit-size'><h1 class='av-special-heading-tag'  itemprop=\"headline\"  >Datenschutzerkl\u00e4rung<\/h1><div class=\"special-heading-border\"><div class=\"special-heading-inner-border\"><\/div><\/div><\/div>\n\n<style type=\"text\/css\" data-created_by=\"avia_inline_auto\" id=\"style-css-av-k1c3yje1-93af4e971e04aead55d7ee5726bf77bb\">\n#top .hr.av-k1c3yje1-93af4e971e04aead55d7ee5726bf77bb{\nmargin-top:10px;\nmargin-bottom:20px;\n}\n.hr.av-k1c3yje1-93af4e971e04aead55d7ee5726bf77bb .hr-inner{\nwidth:50px;\nborder-color:#3fb1ad;\n}\n<\/style>\n<div  class='hr av-k1c3yje1-93af4e971e04aead55d7ee5726bf77bb hr-custom  avia-builder-el-3  el_after_av_heading  el_before_av_textblock  hr-left hr-icon-no'><span class='hr-inner inner-border-av-border-fat'><span class=\"hr-inner-style\"><\/span><\/span><\/div>\n\n<style type=\"text\/css\" data-created_by=\"avia_inline_auto\" id=\"style-css-av-k15tutql-42a2486ba9e855a1e3324710ed785bf9\">\n#top .av_textblock_section.av-k15tutql-42a2486ba9e855a1e3324710ed785bf9 .avia_textblock{\nfont-size:18px;\n}\n<\/style>\n<section  class='av_textblock_section av-k15tutql-42a2486ba9e855a1e3324710ed785bf9 '   itemscope=\"itemscope\" itemtype=\"https:\/\/schema.org\/CreativeWork\" ><div class='avia_textblock'  itemprop=\"text\" ><p>Palatin Stiftung<br \/>\nSt. Alban-Vorstadt 12<br \/>\nCH-4052 Basel<\/p>\n\n<style type=\"text\/css\" data-created_by=\"avia_inline_auto\" id=\"style-css-av-gq2h6-ebb5dd8276b39aee31172d1de02cd7c8\">\n.av_font_icon.av-gq2h6-ebb5dd8276b39aee31172d1de02cd7c8{\ncolor:#3fb1ad;\nborder-color:#3fb1ad;\n}\n.av_font_icon.av-gq2h6-ebb5dd8276b39aee31172d1de02cd7c8 .av-icon-char{\nfont-size:20px;\nline-height:20px;\n}\n<\/style>\n<span  class='av_font_icon av-gq2h6-ebb5dd8276b39aee31172d1de02cd7c8 avia_animate_when_visible av-icon-style- avia-icon-pos-left kontakt-icon'><span class='av-icon-char' aria-hidden='true' data-av_icon='\ue805' data-av_iconfont='entypo-fontello' ><\/span><\/span>\n<p><a href=\"mailto:gf@palatin.ch\">gf@palatin.ch<\/a><\/p>\n\n<style type=\"text\/css\" data-created_by=\"avia_inline_auto\" id=\"style-css-av-8hoq2-5d00a027ee85dfc36e3130f21581e7f5\">\n.av_font_icon.av-8hoq2-5d00a027ee85dfc36e3130f21581e7f5{\ncolor:#3fb1ad;\nborder-color:#3fb1ad;\n}\n.av_font_icon.av-8hoq2-5d00a027ee85dfc36e3130f21581e7f5 .av-icon-char{\nfont-size:20px;\nline-height:20px;\n}\n<\/style>\n<span  class='av_font_icon av-8hoq2-5d00a027ee85dfc36e3130f21581e7f5 avia_animate_when_visible av-icon-style- avia-icon-pos-left kontakt-icon'><span class='av-icon-char' aria-hidden='true' data-av_icon='\ue8b1' data-av_iconfont='entypo-fontello' ><\/span><\/span>\n<p><a href=\"https:\/\/www.palatin.ch\/de\">www.palatin.ch<\/a><\/p>\n<\/div><\/section>\n\n<style type=\"text\/css\" data-created_by=\"avia_inline_auto\" id=\"style-css-av-k1c8ksq0-e866df323ae40020329513bdd4867471\">\n#top .hr.hr-invisible.av-k1c8ksq0-e866df323ae40020329513bdd4867471{\nheight:50px;\n}\n<\/style>\n<div  class='hr av-k1c8ksq0-e866df323ae40020329513bdd4867471 hr-invisible  avia-builder-el-7  el_after_av_textblock  el_before_av_textblock '><span class='hr-inner '><span class=\"hr-inner-style\"><\/span><\/span><\/div>\n\n<style type=\"text\/css\" data-created_by=\"avia_inline_auto\" id=\"style-css-av-k15tutql-0bb94f1576a855a4608dffd1faee044a\">\n#top .av_textblock_section.av-k15tutql-0bb94f1576a855a4608dffd1faee044a .avia_textblock{\nfont-size:16px;\n}\n<\/style>\n<section  class='av_textblock_section av-k15tutql-0bb94f1576a855a4608dffd1faee044a '   itemscope=\"itemscope\" itemtype=\"https:\/\/schema.org\/CreativeWork\" ><div class='avia_textblock'  itemprop=\"text\" ><p><span style=\"font-weight: 400;\">Gest\u00fctzt auf Artikel 13 der schweizerischen Bundesverfassung und die datenschutzrechtlichen Bestimmungen des Bundes (Datenschutzgesetz, DSG) hat jede Person Anspruch auf Schutz ihrer Privatsph\u00e4re sowie auf Schutz vor Missbrauch ihrer pers\u00f6nlichen Daten. Wir halten diese Bestimmungen strikt ein. Pers\u00f6nliche Daten werden streng vertraulich behandelt und weder an Dritte verkauft noch weitergegeben.<\/span><\/p>\n<p><span style=\"font-weight: 400;\">In enger Zusammenarbeit mit unserem Hosting-Provider bem\u00fchen wir uns, die Datenbanken so gut wie m\u00f6glich vor fremden Zugriffen, Verlusten, Missbrauch oder vor F\u00e4lschung zu sch\u00fctzen. Beim Zugriff auf unsere Webseiten werden folgende Daten in Logfiles gespeichert: IP-Adresse, Datum, Uhrzeit, Browser-Anfrage und allg. \u00fcbertragene Informationen zum Betriebssystem resp. Browser. Diese Nutzungsdaten bilden die Basis f\u00fcr statistische, anonyme Auswertungen, so dass Trends erkennbar sind, anhand derer wir unsere Angebote entsprechend verbessern k\u00f6nnen.<\/span><\/p>\n<p><b>Datenschutzerkl\u00e4rung f\u00fcr die Verwendung von Kontaktformularen<\/b><\/p>\n<p><span style=\"font-weight: 400;\">Daten werden dabei nur streng zweckgebunden zur Bearbeitung und Beantwortung von Anfragen benutzt. Mit dem Absenden des Kontaktformulars erkl\u00e4rt sich die betroffene Person mit der Verarbeitung einverstanden. Nach Abschluss der Bearbeitung der Anfrage der betroffenen Person werden die erhobenen Daten gel\u00f6scht, insofern diese nicht f\u00fcr die weitere Bearbeitung der Anfrage oder eines daraufhin entstandenen Auftrags weiter ben\u00f6tigt werden.\u00a0\u00a0\u00a0\u00a0\u00a0\u00a0\u00a0<\/span><\/p>\n<p><b>Datenschutzerkl\u00e4rung f\u00fcr die Nutzung von Google Analytics<\/b><\/p>\n<p><span style=\"font-weight: 400;\">Diese Website benutzt Google Analytics, einen Webanalysedienst der Google Inc. (\u00ab\u00a0Google\u00a0\u00bb), <\/span><span style=\"font-weight: 400;\">mit der Erweiterung \u201e_anonymizeIp()\u201c. Dabei werden IP-Adressen gek\u00fcrzt weiterverarbeitet, eine Personenbeziehbarkeit kann damit ausgeschlossen werden. Soweit den \u00fcber Sie erhobenen Daten ein Personenbezug zukommt, wird dieser also sofort ausgeschlossen und die personenbezogenen Daten werden damit umgehend gel\u00f6scht.<\/span><\/p>\n<p><span style=\"font-weight: 400;\">Google Analytics verwendet sog. \u00ab\u00a0Cookies\u00a0\u00bb, Textdateien, die auf Ihrem Computer gespeichert werden und die eine Analyse der Benutzung der Website durch Sie erm\u00f6glichen. Die durch den Cookie erzeugten Informationen \u00fcber Ihre Benutzung dieser Website werden in der Regel an einen Server von Google in den USA \u00fcbertragen und dort gespeichert. Durch die Aktivierung der IP-Anonymisierung auf dieser Webseite wird Ihre IP-Adresse von Google jedoch zuvor gek\u00fcrzt und ist nicht mehr zuweisbar. Nur in Ausnahmef\u00e4llen wird die volle IP-Adresse an einen Server von Google in den USA \u00fcbertragen, dort aber dann gek\u00fcrzt. Google wird diese Informationen benutzen, um Ihre Nutzung der Website auszuwerten, um Reports \u00fcber die Webseitenaktivit\u00e4ten f\u00fcr die Webseitenbetreiber zusammenzustellen und um weitere mit der Websitenutzung und der Internetnutzung verbundene Dienstleistungen zu erbringen. Auch wird Google diese Informationen gegebenenfalls an Dritte \u00fcbertragen, sofern dies gesetzlich vorgeschrieben oder soweit Dritte diese Daten im Auftrag von Google verarbeiten. Die im Rahmen von Google Analytics von Ihrem Browser \u00fcbermittelte IP-Adresse wird nicht mit anderen Daten von Google zusammengef\u00fchrt. Sie k\u00f6nnen die Installation der Cookies durch eine entsprechende Einstellung Ihrer Browser Software verhindern; wir weisen Sie jedoch darauf hin, dass Sie in diesem Fall gegebenenfalls nicht s\u00e4mtliche Funktionen dieser Website voll umf\u00e4nglich nutzen k\u00f6nnen. Durch die Nutzung dieser Website erkl\u00e4ren Sie sich mit der Bearbeitung der \u00fcber Sie erhobenen Daten durch Google in der zuvor beschriebenen Art und Weise und zu dem zuvor benannten Zweck einverstanden.<\/span><\/p>\n<h2><span style=\"font-weight: 400;\">Verwendung von Cookies<\/span><\/h2>\n<p><span style=\"font-weight: 400;\">Diese Webseite verwendet Cookies. Cookies sind kleine Textdateien, die beim Besuch dieser Website in Ihrem Computer dauerhaft oder tempor\u00e4r gespeichert werden. Zweck der Cookies ist insbesondere die Analyse der Nutzung dieser Website zur statistischen Auswertung sowie f\u00fcr kontinuierliche Verbesserungen. In Ihrem Browser k\u00f6nnen Sie Cookies in den Einstellungen jederzeit ganz oder teilweise deaktivieren. Bei deaktivierten Cookies stehen Ihnen allenfalls nicht mehr alle Funktionen dieser Website zur Verf\u00fcgung.<\/span><\/p>\n<\/div><\/section>\n\n<style type=\"text\/css\" data-created_by=\"avia_inline_auto\" id=\"style-css-av-k15u5dex-ad165f8f193a681d76398be9a8753a62\">\n#top .hr.hr-invisible.av-k15u5dex-ad165f8f193a681d76398be9a8753a62{\nheight:100px;\n}\n<\/style>\n<div  class='hr av-k15u5dex-ad165f8f193a681d76398be9a8753a62 hr-invisible  avia-builder-el-9  el_after_av_textblock  avia-builder-el-last '><span class='hr-inner '><span class=\"hr-inner-style\"><\/span><\/span><\/div>\n<\/div><\/div><\/div><!-- close content main div --><\/div><div class='av-extra-border-element border-extra-diagonal border-extra-diagonal-inverse '><div class='av-extra-border-outer'><div class='av-extra-border-inner'><\/div><\/div><\/div><\/div><div id='av_section_3'  class='avia-section av-k15u1fll-0f9bf38065be618495c97a636a519d36 main_color avia-section-default avia-no-border-styling  avia-builder-el-10  el_after_av_section  avia-builder-el-last  no-minheight avia-bg-style-scroll container_wrap sidebar_right'  ><div class='container av-section-cont-open' ><div class='template-page content  av-content-small alpha units'><div class='post-entry post-entry-type-page post-entry-1389'><div class='entry-content-wrapper clearfix'><\/div><\/div><\/div><!-- close content main div --><\/div><\/div><div id='after_section_3'  class='main_color av_default_container_wrap container_wrap sidebar_right'  ><div class='container av-section-cont-open' ><div class='template-page content  av-content-small alpha units'><div class='post-entry post-entry-type-page post-entry-1389'><div class='entry-content-wrapper clearfix'><\/p>\n","protected":false},"excerpt":{"rendered":"","protected":false},"author":3,"featured_media":0,"parent":0,"menu_order":0,"comment_status":"closed","ping_status":"closed","template":"","meta":{"footnotes":""},"class_list":["post-1389","page","type-page","status-publish","hentry"],"yoast_head":"<!-- This site is optimized with the Yoast SEO plugin v27.4 - https:\/\/yoast.com\/product\/yoast-seo-wordpress\/ -->\n<title>Politique De Confidentialit\u00e9 | Pflegekinder next Generation<\/title>\n<meta name=\"robots\" content=\"index, follow, max-snippet:-1, max-image-preview:large, max-video-preview:-1\" \/>\n<link rel=\"canonical\" href=\"https:\/\/pflegekinder-nextgeneration.ch\/fr\/politique-de-confidentialite\/\" \/>\n<meta property=\"og:locale\" content=\"fr_FR\" \/>\n<meta property=\"og:type\" content=\"article\" \/>\n<meta property=\"og:title\" content=\"Politique De Confidentialit\u00e9 | Pflegekinder next Generation\" \/>\n<meta property=\"og:url\" content=\"https:\/\/pflegekinder-nextgeneration.ch\/fr\/politique-de-confidentialite\/\" \/>\n<meta property=\"og:site_name\" content=\"Pflegekinder next Generation\" \/>\n<meta property=\"article:modified_time\" content=\"2024-07-22T10:39:30+00:00\" \/>\n<meta name=\"twitter:card\" content=\"summary_large_image\" \/>\n<meta name=\"twitter:label1\" content=\"Dur\u00e9e de lecture estim\u00e9e\" \/>\n\t<meta name=\"twitter:data1\" content=\"4 minutes\" \/>\n<script type=\"application\/ld+json\" class=\"yoast-schema-graph\">{\"@context\":\"https:\\\/\\\/schema.org\",\"@graph\":[{\"@type\":\"WebPage\",\"@id\":\"https:\\\/\\\/pflegekinder-nextgeneration.ch\\\/fr\\\/politique-de-confidentialite\\\/\",\"url\":\"https:\\\/\\\/pflegekinder-nextgeneration.ch\\\/fr\\\/politique-de-confidentialite\\\/\",\"name\":\"Politique De Confidentialit\u00e9 | Pflegekinder next Generation\",\"isPartOf\":{\"@id\":\"https:\\\/\\\/pflegekinder-nextgeneration.ch\\\/#website\"},\"datePublished\":\"2019-12-16T13:15:21+00:00\",\"dateModified\":\"2024-07-22T10:39:30+00:00\",\"breadcrumb\":{\"@id\":\"https:\\\/\\\/pflegekinder-nextgeneration.ch\\\/fr\\\/politique-de-confidentialite\\\/#breadcrumb\"},\"inLanguage\":\"fr-FR\",\"potentialAction\":[{\"@type\":\"ReadAction\",\"target\":[\"https:\\\/\\\/pflegekinder-nextgeneration.ch\\\/fr\\\/politique-de-confidentialite\\\/\"]}]},{\"@type\":\"BreadcrumbList\",\"@id\":\"https:\\\/\\\/pflegekinder-nextgeneration.ch\\\/fr\\\/politique-de-confidentialite\\\/#breadcrumb\",\"itemListElement\":[{\"@type\":\"ListItem\",\"position\":1,\"name\":\"Home\",\"item\":\"https:\\\/\\\/pflegekinder-nextgeneration.ch\\\/fr\\\/home\\\/\"},{\"@type\":\"ListItem\",\"position\":2,\"name\":\"Politique De Confidentialit\u00e9\"}]},{\"@type\":\"WebSite\",\"@id\":\"https:\\\/\\\/pflegekinder-nextgeneration.ch\\\/#website\",\"url\":\"https:\\\/\\\/pflegekinder-nextgeneration.ch\\\/\",\"name\":\"Pflegekinder next Generation\",\"description\":\"Next Generation\",\"potentialAction\":[{\"@type\":\"SearchAction\",\"target\":{\"@type\":\"EntryPoint\",\"urlTemplate\":\"https:\\\/\\\/pflegekinder-nextgeneration.ch\\\/?s={search_term_string}\"},\"query-input\":{\"@type\":\"PropertyValueSpecification\",\"valueRequired\":true,\"valueName\":\"search_term_string\"}}],\"inLanguage\":\"fr-FR\"}]}<\/script>\n<!-- \/ Yoast SEO plugin. -->","yoast_head_json":{"title":"Politique De Confidentialit\u00e9 | Pflegekinder next Generation","robots":{"index":"index","follow":"follow","max-snippet":"max-snippet:-1","max-image-preview":"max-image-preview:large","max-video-preview":"max-video-preview:-1"},"canonical":"https:\/\/pflegekinder-nextgeneration.ch\/fr\/politique-de-confidentialite\/","og_locale":"fr_FR","og_type":"article","og_title":"Politique De Confidentialit\u00e9 | Pflegekinder next Generation","og_url":"https:\/\/pflegekinder-nextgeneration.ch\/fr\/politique-de-confidentialite\/","og_site_name":"Pflegekinder next Generation","article_modified_time":"2024-07-22T10:39:30+00:00","twitter_card":"summary_large_image","twitter_misc":{"Dur\u00e9e de lecture estim\u00e9e":"4 minutes"},"schema":{"@context":"https:\/\/schema.org","@graph":[{"@type":"WebPage","@id":"https:\/\/pflegekinder-nextgeneration.ch\/fr\/politique-de-confidentialite\/","url":"https:\/\/pflegekinder-nextgeneration.ch\/fr\/politique-de-confidentialite\/","name":"Politique De Confidentialit\u00e9 | Pflegekinder next Generation","isPartOf":{"@id":"https:\/\/pflegekinder-nextgeneration.ch\/#website"},"datePublished":"2019-12-16T13:15:21+00:00","dateModified":"2024-07-22T10:39:30+00:00","breadcrumb":{"@id":"https:\/\/pflegekinder-nextgeneration.ch\/fr\/politique-de-confidentialite\/#breadcrumb"},"inLanguage":"fr-FR","potentialAction":[{"@type":"ReadAction","target":["https:\/\/pflegekinder-nextgeneration.ch\/fr\/politique-de-confidentialite\/"]}]},{"@type":"BreadcrumbList","@id":"https:\/\/pflegekinder-nextgeneration.ch\/fr\/politique-de-confidentialite\/#breadcrumb","itemListElement":[{"@type":"ListItem","position":1,"name":"Home","item":"https:\/\/pflegekinder-nextgeneration.ch\/fr\/home\/"},{"@type":"ListItem","position":2,"name":"Politique De Confidentialit\u00e9"}]},{"@type":"WebSite","@id":"https:\/\/pflegekinder-nextgeneration.ch\/#website","url":"https:\/\/pflegekinder-nextgeneration.ch\/","name":"Pflegekinder next Generation","description":"Next Generation","potentialAction":[{"@type":"SearchAction","target":{"@type":"EntryPoint","urlTemplate":"https:\/\/pflegekinder-nextgeneration.ch\/?s={search_term_string}"},"query-input":{"@type":"PropertyValueSpecification","valueRequired":true,"valueName":"search_term_string"}}],"inLanguage":"fr-FR"}]}},"_links":{"self":[{"href":"https:\/\/pflegekinder-nextgeneration.ch\/fr\/wp-json\/wp\/v2\/pages\/1389","targetHints":{"allow":["GET"]}}],"collection":[{"href":"https:\/\/pflegekinder-nextgeneration.ch\/fr\/wp-json\/wp\/v2\/pages"}],"about":[{"href":"https:\/\/pflegekinder-nextgeneration.ch\/fr\/wp-json\/wp\/v2\/types\/page"}],"author":[{"embeddable":true,"href":"https:\/\/pflegekinder-nextgeneration.ch\/fr\/wp-json\/wp\/v2\/users\/3"}],"replies":[{"embeddable":true,"href":"https:\/\/pflegekinder-nextgeneration.ch\/fr\/wp-json\/wp\/v2\/comments?post=1389"}],"version-history":[{"count":3,"href":"https:\/\/pflegekinder-nextgeneration.ch\/fr\/wp-json\/wp\/v2\/pages\/1389\/revisions"}],"predecessor-version":[{"id":2812,"href":"https:\/\/pflegekinder-nextgeneration.ch\/fr\/wp-json\/wp\/v2\/pages\/1389\/revisions\/2812"}],"wp:attachment":[{"href":"https:\/\/pflegekinder-nextgeneration.ch\/fr\/wp-json\/wp\/v2\/media?parent=1389"}],"curies":[{"name":"wp","href":"https:\/\/api.w.org\/{rel}","templated":true}]}}